{"id":149,"date":"2011-06-04T05:46:12","date_gmt":"2011-06-04T03:46:12","guid":{"rendered":"http:\/\/www.budylancuckie.przemyska.pl\/?page_id=149"},"modified":"2011-06-04T05:46:12","modified_gmt":"2011-06-04T03:46:12","slug":"proboszczowie-parafii","status":"publish","type":"page","link":"https:\/\/budy.przemyska.pl\/index.php\/o-parafii-2\/kaplani-siostry-zakonne-katechetki-sluzba-koscielna\/proboszczowie-parafii\/","title":{"rendered":"Proboszczowie parafii"},"content":{"rendered":"<table align=\"center\" border=\"0\" cellpadding=\"20\" cellspacing=\"20\" style=\"width: 100%;\">\n<tbody>\n<tr>\n<td align=\"center\" valign=\"top\">[singlepic id=1033 w=90 h=115 float=none]<\/td>\n<td style=\"text-align: justify;\"><strong>Ks. Micha\u0142 Bednarski<\/strong> &ndash; ur. 1887 r. w Wysokiej \u0141a\u0144cuckiej; \u015bwi\u0119cenia kap\u0142a\u0144skie w 1919 r. Pierwsz\u0105 jego plac&oacute;wk\u0105 duszpastersk\u0105, by\u0142o Grodzisko Dolne, gdzie by\u0142 wikariuszem, sk\u0105d zosta\u0142 skierowany do Bud \u0141a\u0144cuckich na urz\u0105d&nbsp; ekspozyta &ndash; proboszcza, kt&oacute;rym by\u0142 od&nbsp; 9 pa\u017adziernika 1921 r. do 15 stycznia 1934 r.&nbsp; W latach tych naucza\u0142 r&oacute;wnie\u017c religii w <a href=\"http:\/\/sp2korniaktow.neostrada.pl\/\" target=\"_blank\" rel=\"noopener\">szkole podstawowej w Korniaktowie P&oacute;\u0142nocnym<\/a>. W roku 1934 na w\u0142asn\u0105 pro\u015bb\u0119 zosta\u0142 przeniesiony do Krzemienicy , a rok p&oacute;\u017aniej do <a href=\"http:\/\/nienadowka.ehost.pl\/\" target=\"_blank\" rel=\"noopener\">Nienad&oacute;wki<\/a> gdzie od 22 marca 1935 roku obj\u0105\u0142 probostwo. Urz\u0105d ten pe\u0142ni\u0142 do 17 czerwca 1952 r. Zmar\u0142 23 wrze\u015bnia 1972 r. Wi\u0119cej informacji z tego okresu mo\u017cna znale\u017a\u0107 na stronie o <a href=\"https:\/\/nienadowka.jimdo.com\/proboszczowie\/\" target=\"_blank\" rel=\"noopener\">nienadowskich proboszczach<\/a> oraz <a href=\"https:\/\/nienadowka.jimdo.com\/kronika-bednarski-michal\/\" target=\"_blank\" rel=\"noopener\">zapiskach z kroniki prowadzonej przez ks. Micha\u0142a<\/a>. Ksi\u0105dz pra\u0142at W\u0142adys\u0142aw Prucnal w <a href=\"http:\/\/www.kolegiata.org\/wywiady\/aktualnosc,746.html\" target=\"_blank\" rel=\"noopener\">wywiadzie dost\u0119pnym na stronie Kolegiaty pw. Bo\u017cego Cia\u0142a w Jaros\u0142awiu<\/a> wspomina ksi\u0119dza Micha\u0142a Bednarskiego jako kap\u0142ana, kt&oacute;rego postawa wp\u0142yn\u0119\u0142a na jego wyb&oacute;r p&oacute;j\u015bcia za Chrystusem.<\/td>\n<\/tr>\n<tr>\n<td colspan=\"2\">\n<hr \/>\n<\/td>\n<td style=\"text-align: justify;\">&nbsp;<\/td>\n<\/tr>\n<tr>\n<td align=\"center\" valign=\"top\">[singlepic id=1865 w=90 h=115 float=none]<\/td>\n<td style=\"text-align: justify;\"><strong>Ks. Wojciech Chorz\u0119pa<\/strong> &ndash; ur. 1898 r. w Trzebusce k. Soko\u0142owa; \u015bwi\u0119cenia kap\u0142a\u0144skie przyj\u0105\u0142 w 1921 r. Proboszcz w Budach \u0141a\u0144cuckich od 15 stycznia 1934 r. do pa\u017adziernika 1938 r. W latach tych naucza\u0142 r&oacute;wnie\u017c religii w <a href=\"http:\/\/sp2korniaktow.neostrada.pl\/\" target=\"_blank\" rel=\"noopener\">szkole podstawowej w Korniaktowie P&oacute;\u0142nocnym<\/a>. Ks. Wojciech Chorz\u0119pa zosta\u0142 przeniesiony&nbsp; do \u015al\u0119zak&oacute;w k\/Tarnobrzega.<\/td>\n<\/tr>\n<tr>\n<td colspan=\"2\">\n<hr \/>\n<\/td>\n<td style=\"text-align: justify;\">&nbsp;<\/td>\n<\/tr>\n<tr>\n<td align=\"center\" valign=\"top\"><img loading=\"lazy\" decoding=\"async\" align=\"middle\" alt=\"Ksi\u0105dz Proboszcz Tadeusz Szmyd\" height=\"115\" src=\"http:\/\/www.budylancuckie.przemyska.pl\/wp-content\/media\/image\/grafika\/parafia_ks_s\/ks_tadeusz_szmyd.jpg\" width=\"90\" \/><\/td>\n<td style=\"text-align: justify;\"><strong>Ksi\u0105dz Tadeusz Szmyd<\/strong> urodzi\u0142 si\u0119 14 pa\u017adziernika 1906 r. w <a href=\"http:\/\/republika.pl\/phaczow\/\" target=\"_blank\" rel=\"noopener\">Haczowie<\/a>. Po uko\u0144czeniu gimnazjum w Brzozowie (1919-1927) wst\u0105pi\u0142 do <a href=\"http:\/\/wsd.przemyska.pl\/\" target=\"_blank\" rel=\"noopener\">Seminarium Duchownego w Przemy\u015blu<\/a>. \u015awi\u0119cenia kap\u0142a\u0144skie otrzyma\u0142 19 czerwca 1932 r. w Przemy\u015blu. Na pierwsz\u0105 posad\u0105 zosta\u0142 skierowany do <a href=\"http:\/\/parafiazmigrod.pl\/\" target=\"_blank\" rel=\"noopener\">\u017bmigrodu<\/a>, gdzie jako wikariusz pracowa\u0142 do 1 sierpnia 1935 r. Ze \u017bmigrodu zosta\u0142 przeniesiony do <a href=\"http:\/\/parafia.zabierzow.pl\/\" target=\"_blank\" rel=\"noopener\">Zabierzowa k Rzeszowa<\/a> i tam duszpasterzowa\u0142 do 14 stycznia 1938 r. W tym okresie przez kr&oacute;tki czas zast\u0119powa\u0142 proboszcza w Stobiernej (od 9 do 19 lutego 1937 r.). 15 stycznia 1938 r. obj\u0105\u0142 funkcj\u0119 wikariusza w <a href=\"http:\/\/parafiarudnawielka.republika.pl\/index.htm\" target=\"_blank\" rel=\"noopener\">Rudnej Wielkiej<\/a>, gdzie przebywa\u0142 do 17 pa\u017adziernika 1938 r., sk\u0105d zosta\u0142 skierowany do pracy w charakterze administratora w Budach \u0141a\u0144cuckich. Z parafi\u0105 t\u0105 zwi\u0105za\u0142 si\u0119 przez reszt\u0119 kap\u0142a\u0144skiego \u017cycia. Do roku 1960 naucza\u0142 r&oacute;wnie\u017c religii w <a href=\"http:\/\/sp2korniaktow.neostrada.pl\/\" target=\"_blank\" rel=\"noopener\">szkole podstawowej w Korniaktowie P&oacute;\u0142nocnym<\/a> a potem ju\u017c w ko\u015bciele i punktach katechetycznych. W 1973 r. przeszed\u0142 na emerytur\u0119 i zamieszka\u0142 na terenie parafii Budy \u0141a\u0144cuckie. Odszed\u0142 po nagrod\u0119 do Pana dnia 1 listopada 1996 r. Uroczysto\u015bciom pogrzebowym, kt&oacute;re odby\u0142y si\u0119 4 listopada w Budach \u0141a\u0144cuckich przewodniczy\u0142 ks. <a href=\"http:\/\/www.przemyska.pl\/duszp\/start.php?sz=Moskwa&amp;go=zmarli\" target=\"_blank\" rel=\"noopener\">bp Stefan Moskwa<\/a>. Ksi\u0105dz Tadeusz jest pochowany na cmentarzu parafialnym w Budach \u0141a\u0144cuckich.<\/td>\n<\/tr>\n<tr>\n<td colspan=\"2\">\n<hr \/>\n<\/td>\n<td style=\"text-align: justify;\">&nbsp;<\/td>\n<\/tr>\n<tr>\n<td align=\"center\" valign=\"top\"><img loading=\"lazy\" decoding=\"async\" align=\"middle\" alt=\"Ksi\u0105dz Proboszcz W\u0142adys\u0142aw Szular\" height=\"130\" src=\"http:\/\/www.budylancuckie.przemyska.pl\/wp-content\/media\/image\/grafika\/parafia_ks_s\/ks_wladyslaw_szular.jpg\" width=\"90\" \/><\/td>\n<td style=\"text-align: justify;\"><strong>Ks. W\u0142adys\u0142aw Szular<\/strong> &ndash; ur. 14.03.1940 r. w \u015awi\u0119toniowej; \u015bwi\u0119cenia kap\u0142a\u0144skie w 1965 r. Proboszcz w Budach \u0141a\u0144cuckich od lipca 1973 r. do sierpnia 2010 r.<\/td>\n<\/tr>\n<tr>\n<td colspan=\"2\">\n<hr \/>\n<\/td>\n<td style=\"text-align: justify;\">&nbsp;<\/td>\n<\/tr>\n<tr>\n<td align=\"center\" valign=\"top\">[singlepic id=39 w=90 h=115 float=none]<\/td>\n<td style=\"text-align: justify;\"><strong>Ks. Kazimierz Kope\u0107<\/strong> ur. 1961 r. w Woli Rusinowskiej tam Szko\u0142a Podstawowa, liceum Kolbuszowa, Seminarium Duchowne w Przemy\u015blu. Wy\u015bwi\u0119cony 21.06.1986. Parafie wikariuszowskie: <a href=\"http:\/\/www.sanktuariumjodlowka.pl\/index.php\" target=\"_blank\" rel=\"noopener\">Jod\u0142&oacute;wka<\/a>, Hy\u017cne, <a href=\"http:\/\/www.katedra-przemysl.pl\/index.php\" target=\"_blank\" rel=\"noopener\">Przemy\u015bl Katedra<\/a>. Parafie proboszczowskie: Wac\u0142awice, Nowosielce k. Przeworska, Rakszawa G&oacute;rna i od 2010 r. Budy \u0141a\u0144cuckie do 18 sierpnia 2017 r. Od 19 sierpnia 2017 ks. Kazimierz zosta\u0142 proboszczem parafii Niziny.<\/td>\n<\/tr>\n<tr>\n<td colspan=\"2\">\n<hr \/>\n<\/td>\n<td style=\"text-align: justify;\">&nbsp;<\/td>\n<\/tr>\n<tr>\n<td align=\"center\" valign=\"top\">[singlepic id=1763 w=90 h=115 float=none]<\/td>\n<td style=\"text-align: justify;\"><strong>Ks. dr Marek Wilk<\/strong> ur. 14-04-1966 r. w So\u015bnicy ko\u0142o Radymna, \u015bwi\u0119cenia przyj\u0105\u0142 w 1993 roku. Studiowa\u0142 na KUL. Przez 13 at by\u0142 wikariuszem w parafiach Sanok, Krosno, Przeworsk i Krzywcza. Nast\u0119pnie przez 11 lat pracowa\u0142 w Wy\u017cszym Seminarium Duchownym w Przemy\u015blu jako ojciec duchowny. Od 19 sierpnia 2017 proboszcz parafii w Budach \u0141a\u0144cuckich.<\/td>\n<\/tr>\n<\/tbody>\n<\/table>\n","protected":false},"excerpt":{"rendered":"<p>[singlepic id=1033 w=90 h=115 float=none] Ks. Micha\u0142 Bednarski &ndash; ur. 1887 r. w Wysokiej \u0141a\u0144cuckiej; \u015bwi\u0119cenia kap\u0142a\u0144skie w 1919 r. Pierwsz\u0105 jego plac&oacute;wk\u0105 duszpastersk\u0105, by\u0142o Grodzisko Dolne, gdzie by\u0142 wikariuszem, &hellip; <a href=\"https:\/\/budy.przemyska.pl\/index.php\/o-parafii-2\/kaplani-siostry-zakonne-katechetki-sluzba-koscielna\/proboszczowie-parafii\/\" class=\"more-link\">Czytaj dalej <span class=\"screen-reader-text\">Proboszczowie parafii<\/span> <span class=\"meta-nav\">&rarr;<\/span><\/a><\/p>\n","protected":false},"author":1,"featured_media":0,"parent":438,"menu_order":0,"comment_status":"closed","ping_status":"closed","template":"","meta":{"footnotes":""},"class_list":["post-149","page","type-page","status-publish","hentry"],"_links":{"self":[{"href":"https:\/\/budy.przemyska.pl\/index.php\/wp-json\/wp\/v2\/pages\/149","targetHints":{"allow":["GET"]}}],"collection":[{"href":"https:\/\/budy.przemyska.pl\/index.php\/wp-json\/wp\/v2\/pages"}],"about":[{"href":"https:\/\/budy.przemyska.pl\/index.php\/wp-json\/wp\/v2\/types\/page"}],"author":[{"embeddable":true,"href":"https:\/\/budy.przemyska.pl\/index.php\/wp-json\/wp\/v2\/users\/1"}],"replies":[{"embeddable":true,"href":"https:\/\/budy.przemyska.pl\/index.php\/wp-json\/wp\/v2\/comments?post=149"}],"version-history":[{"count":0,"href":"https:\/\/budy.przemyska.pl\/index.php\/wp-json\/wp\/v2\/pages\/149\/revisions"}],"up":[{"embeddable":true,"href":"https:\/\/budy.przemyska.pl\/index.php\/wp-json\/wp\/v2\/pages\/438"}],"wp:attachment":[{"href":"https:\/\/budy.przemyska.pl\/index.php\/wp-json\/wp\/v2\/media?parent=149"}],"curies":[{"name":"wp","href":"https:\/\/api.w.org\/{rel}","templated":true}]}}